{"id":400,"date":"2016-05-13T17:27:50","date_gmt":"2016-05-13T15:27:50","guid":{"rendered":"http:\/\/edlevonzwirn.de\/EdlevonZwirn\/?page_id=400"},"modified":"2018-03-07T00:15:36","modified_gmt":"2018-03-06T23:15:36","slug":"soziale-verantwortung","status":"publish","type":"page","link":"https:\/\/edlevonzwirn.de\/EdlevonZwirn\/magazin\/aktuell\/soziale-verantwortung\/","title":{"rendered":"Verantwortung, Nachhaltigkeit, Aktionen"},"content":{"rendered":"<div id=\"pl-400\"  class=\"panel-layout\" ><div id=\"pg-400-0\"  class=\"panel-grid panel-has-style\" ><div class=\"panel-row-style panel-row-style-for-400-0\" ><div id=\"pgc-400-0-0\"  class=\"panel-grid-cell panel-grid-cell-mobile-last\" ><div id=\"panel-400-0-0-0\" class=\"so-panel widget widget_sow-editor panel-first-child panel-last-child\" data-index=\"0\" ><div class=\"panel-widget-style panel-widget-style-for-400-0-0-0\" ><div\n\t\t\t\n\t\t\tclass=\"so-widget-sow-editor so-widget-sow-editor-base\"\n\t\t\t\n\t\t>\n<div class=\"siteorigin-widget-tinymce textwidget\">\n\t<p style=\"text-align: justify;\" align=\"JUSTIFY\"><span style=\"color: #000000;\"><strong>N\u00e4herei in Lauterbach, Qualit\u00e4t und Nachhaltigkeit<\/strong><\/span><\/p>\n<p style=\"text-align: justify;\" align=\"JUSTIFY\"><span style=\"color: #000000;\">1998 \u00fcbernahmen Schneidermeisterin Charlotte und Diplomkaufmann Christian von\u00a0 L\u00f6bbecke-von Campe eine Ma\u00dfhemden-N\u00e4herei im hessischen Lauterbach. Dort arbeiten heute im Team etwa 20 N\u00e4herinnen und 2 Verkaufs- und B\u00fcromitarbeiterinnen in familienfreundlicher Teil- bis Vollzeit mit neuester Technikausstattung vom CAD-Zuschnitt bis zu Spezial-N\u00e4hmaschinen. Wir sind stolz auf unsere langj\u00e4hrig t\u00e4tigen Fachkr\u00e4fte, denn sie garantieren hohe Qualit\u00e4t \u201eMade in Germany\u201c und damit Langlebigkeit und Nachhaltigkeit unserer Produkte. Auch auf die verfolgbare Herkunft des Materials von der Rohware bis zum ausschlie\u00dflich in Europa gewebten und ausger\u00fcsteten Stoff wird gro\u00dfes Augenmerk gelegt.<\/span><\/p>\n<p style=\"text-align: justify;\" align=\"JUSTIFY\"><span style=\"color: #000000;\"><strong>Ausbildung, Praktikum, Werksstudent<\/strong><\/span><\/p>\n<p style=\"text-align: justify;\" align=\"JUSTIFY\"><span style=\"color: #000000;\">Seit 2011 werden junge Menschen zu Ma\u00dfschneider\/-innen ausgebildet. Inhalte sind neben der nach Lehrplan zu vermittelnden fachlichen Theorie und Praxis j\u00e4hrliche \u00fcberbetriebliche Workshops in Wiesbaden und in einer Herrenma\u00dfschneiderei bei L\u00fcneburg, Modenschauen in der Berufsschule und Handwerkskammer, Verkaufs-Veranstaltungen mit Pr\u00e4sentations-Gestaltung, Teilnahme an Wettbewerben, und vieles mehr. Ein sehr abwechslungsreiches Programm. Die Pr\u00fcfungen werden nach 3j\u00e4hriger Ausbildung vor der Handwerkskammer Wiesbaden abgelegt.<\/span><\/p>\n<p style=\"text-align: justify;\"><span style=\"color: #000000;\">Auch Praktikant\/innen sind gerne bei uns gesehen. Um in den sch\u00f6nen Beruf des Ma\u00dfschneiders hinein zu schnuppern, w\u00e4hrend der Ferien oder als Sch\u00fclerjob nebenher Geld zu verdienen oder in den Semester- oder Schulferien ein f\u00fcr die Ausbildung gefordertes Praktikum zu absolvieren. Zu tun gibt es bei uns immer etwas! Denkbar ist auch eine Werksstudent-Ausbildung.<\/span><\/p>\n<p style=\"text-align: justify;\" align=\"JUSTIFY\"><span style=\"color: #000000;\">Einfach melden unter 0049-6641-9110557 oder unter\u00a0\"Kontakt\".<\/span><\/p>\n<p style=\"text-align: justify;\" align=\"JUSTIFY\"><span style=\"color: #000000;\"><strong>Gesundheitsmanagement, soziale Verantwortung<\/strong><\/span><\/p>\n<p style=\"text-align: justify;\" align=\"JUSTIFY\"><span style=\"color: #000000;\">Themen, \u00fcber die wir uns st\u00e4ndig Gedanken machen und informieren. Um dann zu reagieren, wo es n\u00f6tig und m\u00f6glich ist:<\/span><\/p>\n<p style=\"text-align: justify;\" align=\"JUSTIFY\"><span style=\"color: #000000;\">z.B. Abl\u00e4ufe und Pausenregelungen umzugestalten zu Stressabbau und Teamf\u00f6rderung, Gesundheits-Pr\u00e4vention mit t\u00e4glich frischem Obst f\u00fcr alle, mit einem naturnahen Pausensitzplatz im firmeneigenen Garten, \u2026<\/span><\/p>\n<p style=\"text-align: justify;\" align=\"JUSTIFY\"><span style=\"color: #000000;\">z.B. eine kleine Bibliothek zur Verf\u00fcgung zu stellen mit B\u00fcchern zu Themen wie Mode, Handarbeiten, Kochen, Raucherentw\u00f6hnung, Gymnastik \u2026<\/span><\/p>\n<p style=\"text-align: justify;\" align=\"JUSTIFY\"><span style=\"color: #000000;\">z.B. regelm\u00e4\u00dfige Informationsveranstaltungen und Workshops zu organisieren zu Themen wie Ausgleichsgymnastik, Duftstoffe, Motivation, Lob, Wertsch\u00e4tzung und Dank\u2026<\/span><\/p>\n<p style=\"text-align: justify;\" align=\"JUSTIFY\"><span style=\"color: #000000;\">z.B. eine Informationsreise unserer Kundenberater durchzuf\u00fchren zu einer Weberei in Norditalien, die vom Baumwollanbau bis zum fertig ausger\u00fcstetem Stoff alles in eigener Hand fertigt\u2026<\/span><\/p>\n<p style=\"text-align: justify;\" align=\"JUSTIFY\"><span style=\"color: #000000;\"><strong>Aktionen<\/strong><\/span><\/p>\n<p style=\"text-align: justify;\" align=\"JUSTIFY\"><span style=\"color: #000000;\">Immer wieder engagieren wir uns regional in verschiedensten Aktionen:<\/span><\/p>\n<ul>\n<li style=\"text-align: justify;\"><span style=\"color: #000000;\">Kindern\u00e4hkurse, Eltern \u2013Kind \u2013N\u00e4hkurse.<\/span><\/li>\n<li style=\"text-align: justify;\"><span style=\"color: #000000;\">Entwurfswettbewerb in Kooperation mit der ortsans\u00e4ssigen Brauerei zum Thema \u201eEin neues Kleid f\u00fcr die Bierk\u00f6nigin in Anlehnung an die heimische Tracht\u201c und anschlie\u00dfender Anfertigung der Kleider f\u00fcr Bierk\u00f6nigin und zwei Prinzessinnen.<\/span><\/li>\n<li style=\"text-align: justify;\"><span style=\"color: #000000;\">Informationsstand bei einem Jubil\u00e4umsfest der heimischen Trachtengilde mit N\u00e4hvorf\u00fchrungen auf aktueller und antiker N\u00e4hmaschine.<\/span><\/li>\n<li style=\"text-align: justify;\"><span style=\"color: #000000;\">Sponsoring \u00f6rtlicher Sport- und Sozialvereine, Bestickung von T-Shirts, M\u00fctzen, usw.<\/span><\/li>\n<li style=\"text-align: justify;\"><span style=\"color: #000000;\">Die Verkaufsveranstaltung \u201eHerbstpartie\u201c, sp\u00e4ter auch \u201eAdventspartie\u201c wurde von uns ins Leben gerufen, organisiert und elf Mal in verschiedenen Schl\u00f6ssern und Burgen Mittel- und Osthessens durchgef\u00fchrt und mit gro\u00dfer Resonanz belohnt.<\/span><\/li>\n<li style=\"text-align: justify;\"><span style=\"color: #000000;\">In Netzwerken wie \u201eLust auf Gut\u201c, \u201eFeines Handgemacht im Fuldaer Land\u201c, \u201eDer deutsche Manufakturen -Verein\u201c, \u201eBundesverband mittelst\u00e4ndischer Unternehmen\u201c, u.a. sind wir st\u00e4ndig aktiv im Kontakt und Austausch, auch mit gemeinsamen Veranstaltungen, Ver\u00f6ffentlichungen u.a.<\/span><\/li>\n<\/ul>\n<\/div>\n<\/div><\/div><\/div><\/div><div id=\"pgc-400-0-1\"  class=\"panel-grid-cell panel-grid-cell-empty\" ><\/div><\/div><\/div><\/div>","protected":false},"excerpt":{"rendered":"<p>N\u00e4herei in Lauterbach, Qualit\u00e4t und Nachhaltigkeit 1998 \u00fcbernahmen Schneidermeisterin Charlotte und Diplomkaufmann Christian von\u00a0 L\u00f6bbecke-von Campe eine Ma\u00dfhemden-N\u00e4herei im hessischen Lauterbach. Dort arbeiten heute im Team etwa 20 N\u00e4herinnen und 2 Verkaufs- und B\u00fcromitarbeiterinnen in familienfreundlicher Teil- bis Vollzeit mit &hellip; <a href=\"https:\/\/edlevonzwirn.de\/EdlevonZwirn\/magazin\/aktuell\/soziale-verantwortung\/\">Weiter<\/a><\/p>\n","protected":false},"author":1,"featured_media":0,"parent":54,"menu_order":0,"comment_status":"closed","ping_status":"closed","template":"page-fullwidth.php","meta":{"kt_blocks_editor_width":"","footnotes":"","_mc_calendar":[]},"rttpg_featured_image_url":null,"rttpg_author":{"display_name":"trabandt","author_link":"https:\/\/edlevonzwirn.de\/EdlevonZwirn\/author\/trabandt\/"},"rttpg_comment":0,"rttpg_category":null,"rttpg_excerpt":"N\u00e4herei in Lauterbach, Qualit\u00e4t und Nachhaltigkeit 1998 \u00fcbernahmen Schneidermeisterin Charlotte und Diplomkaufmann Christian von\u00a0 L\u00f6bbecke-von Campe eine Ma\u00dfhemden-N\u00e4herei im hessischen Lauterbach. Dort arbeiten heute im Team etwa 20 N\u00e4herinnen und 2 Verkaufs- und B\u00fcromitarbeiterinnen in familienfreundlicher Teil- bis Vollzeit mit &hellip; Weiter","_links":{"self":[{"href":"https:\/\/edlevonzwirn.de\/EdlevonZwirn\/wp-json\/wp\/v2\/pages\/400"}],"collection":[{"href":"https:\/\/edlevonzwirn.de\/EdlevonZwirn\/wp-json\/wp\/v2\/pages"}],"about":[{"href":"https:\/\/edlevonzwirn.de\/EdlevonZwirn\/wp-json\/wp\/v2\/types\/page"}],"author":[{"embeddable":true,"href":"https:\/\/edlevonzwirn.de\/EdlevonZwirn\/wp-json\/wp\/v2\/users\/1"}],"replies":[{"embeddable":true,"href":"https:\/\/edlevonzwirn.de\/EdlevonZwirn\/wp-json\/wp\/v2\/comments?post=400"}],"version-history":[{"count":16,"href":"https:\/\/edlevonzwirn.de\/EdlevonZwirn\/wp-json\/wp\/v2\/pages\/400\/revisions"}],"predecessor-version":[{"id":1312,"href":"https:\/\/edlevonzwirn.de\/EdlevonZwirn\/wp-json\/wp\/v2\/pages\/400\/revisions\/1312"}],"up":[{"embeddable":true,"href":"https:\/\/edlevonzwirn.de\/EdlevonZwirn\/wp-json\/wp\/v2\/pages\/54"}],"wp:attachment":[{"href":"https:\/\/edlevonzwirn.de\/EdlevonZwirn\/wp-json\/wp\/v2\/media?parent=400"}],"curies":[{"name":"wp","href":"https:\/\/api.w.org\/{rel}","templated":true}]}}